{"id":2952,"date":"2026-03-04T17:10:40","date_gmt":"2026-03-04T16:10:40","guid":{"rendered":"https:\/\/munde-biereck.de\/?page_id=2952"},"modified":"2026-04-17T12:16:27","modified_gmt":"2026-04-17T10:16:27","slug":"suppliers-partners","status":"publish","type":"page","link":"https:\/\/munde-biereck.de\/en\/restaurant\/suppliers-partners\/","title":{"rendered":"Suppliers &amp; Partners"},"content":{"rendered":"<div class=\"wpb-content-wrapper\"><p>[vc_row section_type=&#8221;fullwidth&#8221; height_ratio=&#8221;60&#8243; padding_top_multiplier=&#8221;&#8221; padding_bottom_multiplier=&#8221;&#8221; rc_heading_color=&#8221;white&#8221; rc_bg_type=&#8221;color&#8221; mobile_height_ratio=&#8221;90&#8243; rc_bg_color=&#8221;#86715A&#8221;][vc_column content_width=&#8221;70&#8243; horizontal_content_position=&#8221;center&#8221; vertical_content_position=&#8221;middle&#8221; text_align=&#8221;center&#8221; mobile_content_width=&#8221;100&#8243;]<h3 class=\"grve-element grve-title grve-align-inherit grve-h2\"><span>Regionality is not a marketing term for us, it is the simplest answer to the question of why the food at Biereck tastes the way it does.<\/span><\/h3>[\/vc_column][\/vc_row][vc_row height_ratio=&#8221;80&#8243; padding_top_multiplier=&#8221;&#8221; padding_bottom_multiplier=&#8221;&#8221; rc_heading_color=&#8221;white&#8221; rc_bg_type=&#8221;image&#8221; rc_bg_image=&#8221;3207&#8243; rc_bg_position=&#8221;center-bottom&#8221; mobile_height_ratio=&#8221;50&#8243;][vc_column width=&#8221;1\/2&#8243; content_width=&#8221;90&#8243; horizontal_content_position=&#8221;center&#8221; vertical_content_position=&#8221;middle&#8221;][\/vc_column][vc_column width=&#8221;1\/2&#8243; content_width=&#8221;90&#8243; horizontal_content_position=&#8221;center&#8221; vertical_content_position=&#8221;middle&#8221; column_effect=&#8221;vertical-parallax&#8221;][\/vc_column][\/vc_row][vc_row section_type=&#8221;fullwidth&#8221; height_ratio=&#8221;10&#8243; scroll_header_skin=&#8221;dark&#8221;][vc_column width=&#8221;1\/4&#8243; content_width=&#8221;80&#8243; horizontal_content_position=&#8221;center&#8221; vertical_content_position=&#8221;middle&#8221; full_height=&#8221;yes&#8221; text_align=&#8221;center&#8221; mobile_width=&#8221;1-2&#8243; mobile_content_width=&#8221;100&#8243;]<div class=\"grve-element grve-counter grve-align-inherit\"><div class=\"grve-counter-content\"><div class=\"grve-counter-item grve-h4 grve-text-primary-1\"><span data-thousands-separator-vis=\"\" data-thousands-separator=\",\" data-prefix=\"\" data-suffix=\"\" data-start-val=\"0\" data-end-val=\"4\" data-decimal-points=\"0\" data-decimal-separator=\".\" >0<\/span><\/div><div class=\"grve-counter-title grve-subtitle-text\">Regional manufacturers<\/div><\/div><\/div>[\/vc_column][vc_column width=&#8221;1\/4&#8243; content_width=&#8221;80&#8243; horizontal_content_position=&#8221;center&#8221; vertical_content_position=&#8221;middle&#8221; full_height=&#8221;yes&#8221; text_align=&#8221;center&#8221; mobile_width=&#8221;1-2&#8243; mobile_content_width=&#8221;100&#8243;]<div class=\"grve-element grve-counter grve-align-inherit\"><div class=\"grve-counter-content\"><div class=\"grve-counter-item grve-h4 grve-text-primary-1\"><span data-thousands-separator-vis=\"\" data-thousands-separator=\",\" data-prefix=\"\" data-suffix=\"%\" data-start-val=\"0\" data-end-val=\"100\" data-decimal-points=\"0\" data-decimal-separator=\".\" >0<\/span><\/div><div class=\"grve-counter-title grve-subtitle-text\">Directly sourced<\/div><\/div><\/div>[\/vc_column][vc_column width=&#8221;1\/4&#8243; content_width=&#8221;80&#8243; horizontal_content_position=&#8221;center&#8221; vertical_content_position=&#8221;middle&#8221; full_height=&#8221;yes&#8221; text_align=&#8221;center&#8221; mobile_width=&#8221;1-2&#8243; mobile_content_width=&#8221;100&#8243;]<div class=\"grve-element grve-counter grve-align-inherit\"><div class=\"grve-counter-content\"><div class=\"grve-counter-item grve-h4 grve-text-primary-1\"><span data-thousands-separator-vis=\"\" data-thousands-separator=\",\" data-prefix=\"\" data-suffix=\"\" data-start-val=\"0\" data-end-val=\"0\" data-decimal-points=\"0\" data-decimal-separator=\".\" >0<\/span><\/div><div class=\"grve-counter-title grve-subtitle-text\">Intermediaries<\/div><\/div><\/div>[\/vc_column][vc_column width=&#8221;1\/4&#8243; content_width=&#8221;80&#8243; horizontal_content_position=&#8221;center&#8221; vertical_content_position=&#8221;middle&#8221; full_height=&#8221;yes&#8221; text_align=&#8221;center&#8221; mobile_width=&#8221;1-2&#8243; mobile_content_width=&#8221;100&#8243;]<div class=\"grve-element grve-counter grve-align-inherit\"><div class=\"grve-counter-content\"><div class=\"grve-counter-item grve-h4 grve-text-primary-1\"><span data-thousands-separator-vis=\"\" data-thousands-separator=\",\" data-prefix=\"&lt;\" data-suffix=\"km\" data-start-val=\"0\" data-end-val=\"30\" data-decimal-points=\"0\" data-decimal-separator=\".\" >0<\/span><\/div><div class=\"grve-counter-title grve-subtitle-text\">average<\/div><\/div><\/div>[\/vc_column][\/vc_row][vc_row padding_top_multiplier=&#8221;5x&#8221; padding_bottom_multiplier=&#8221;5x&#8221; rc_link_color=&#8221;primary-1&#8243; rc_bg_type=&#8221;color&#8221; scroll_header_skin=&#8221;dark&#8221; rc_font_color=&#8221;#000000&#8243; rc_bg_color=&#8221;#E9E6E0&#8243;][vc_column content_width=&#8221;60&#8243; horizontal_content_position=&#8221;center&#8221; vertical_content_position=&#8221;middle&#8221; mobile_content_width=&#8221;100&#8243;]<h3 class=\"grve-element grve-title grve-align-inherit grve-subtitle-text\"><span>Our philosophy<\/span><\/h3><h2 class=\"grve-element grve-title grve-align-inherit grve-h2\"><span>Short distances.<br \/>\nReal stories.<\/span><\/h2>[vc_column_text css=&#8221;&#8221;]The Restaurant Biereck stands for Black Forest cuisine that is honest &#8211; in taste and origin. That&#8217;s why we work exclusively with farms, breeders and producers that we know and visit personally. <\/p>\n<p>Our suppliers are not numbers in a system. They are neighbors, craftsmen and passionate people &#8211; from Kinzigtal and the surrounding area.[\/vc_column_text][\/vc_column][\/vc_row][vc_section][vc_row section_type=&#8221;fullwidth&#8221; height_ratio=&#8221;40&#8243; columns_gap=&#8221;30&#8243; rtl_reverse=&#8221;yes&#8221; scroll_header_skin=&#8221;dark&#8221;][vc_column width=&#8221;1\/2&#8243; full_height=&#8221;yes&#8221; rc_bg_type=&#8221;color&#8221; rc_bg_color=&#8221;#E9E6DF&#8221; grve_css=&#8221;{&#8220;desktop&#8220;:{&#8220;padding-top&#8220;:&#8220;30&#8220;,&#8220;padding-right&#8220;:&#8220;30&#8220;,&#8220;padding-bottom&#8220;:&#8220;30&#8220;,&#8220;padding-left&#8220;:&#8220;30&#8220;,&#8220;class&#8220;:&#8220;grve-wpb-1772722602355&#8220;}}&#8221;][vc_row_inner][vc_column_inner]<div class=\"grve-element grve-image grve-align-center grve-image-space-100 grve-image-expand-width\">\r\n\t<div class=\"grve-image-item\">\r\n\t\t\r\n\r\n<div class=\"grve-image-wrapper grve-no-effect\">\r\n\t\t<div class=\"grve-thumbnail-wrapper\"><div class=\"grve-thumbnail\"  style=\"padding-top: 75%;\"><img loading=\"lazy\" decoding=\"async\" width=\"560\" height=\"420\" src=\"https:\/\/munde-biereck.de\/wp-content\/uploads\/2026\/03\/Munde_Biereck_Okt_2023_037-1-560x420.jpg\" class=\"attachment-impeka-grve-small-rect-horizontal size-impeka-grve-small-rect-horizontal\" alt=\"\" data-column-space=\"100\" data-lazyload=\"\" data-grve-filter=\"yes\" srcset=\"https:\/\/munde-biereck.de\/wp-content\/uploads\/2026\/03\/Munde_Biereck_Okt_2023_037-1-560x420.jpg 560w, https:\/\/munde-biereck.de\/wp-content\/uploads\/2026\/03\/Munde_Biereck_Okt_2023_037-1-900x675.jpg 900w\" sizes=\"auto, (max-width: 560px) 100vw, 560px\" \/><\/div><\/div>\t<\/div>\r\n\t<\/div>\r\n<\/div>\r\n[\/vc_column_inner][\/vc_row_inner][vc_row_inner padding_top_multiplier=&#8221;2x&#8221; padding_bottom_multiplier=&#8221;1x&#8221;][vc_column_inner]<div class=\"grve-element grve-title grve-align-inherit grve-h4 grve-text-primary-2\"><span>Riehle-Hof,<br \/>\nZell am Harmersbach<\/span><\/div><div class=\"grve-element grve-title grve-align-inherit grve-subtitle-text\"><span>Farm &#8211; bakery &#8211; distillery<\/span><\/div><div class=\"grve-element grve-title grve-align-inherit grve-subtitle-text\"><span>Obertal 29 &#8211; 77736 Zell am Harmersbach<\/span><\/div><div class=\"grve-empty-space grve-height-2x\"><\/div>[vc_column_text css=&#8221;&#8221;]At the Riehle farm and vacation farm in the Oberentersbach valley, bread is still baked according to the old tradition &#8211; in a wood-fired oven, shaped by master craftsmen. Daniel Riehle continues to run the farm in the tradition of his family &#8211; what comes out of the oven smells and tastes wonderfully of the Black Forest.[\/vc_column_text]<div class=\"grve-empty-space grve-height-1x\"><\/div><div class=\"grve-element grve-align-inherit\"><a href=\"https:\/\/www.riehle-hof.de\/backstube\" target=\"_blank\" class=\"grve-btn grve-square grve-bg-primary-1 grve-border-primary-1 grve-bg-hover-white grve-border-hover-white grve-text-white grve-text-hover-dark-grey grve-btn-medium\">\r\n\t\t<span>LEARN MORE<\/span>\r\n\t\t<span class=\"screen-reader-text\">Learn more<\/span>\r\n\t\t\t\t\t\t\t<\/a><\/div>[\/vc_column_inner][\/vc_row_inner][\/vc_column][vc_column width=&#8221;1\/2&#8243; full_height=&#8221;yes&#8221; rc_bg_type=&#8221;color&#8221; grve_css=&#8221;{&#8220;desktop&#8220;:{&#8220;padding-top&#8220;:&#8220;30&#8220;,&#8220;padding-right&#8220;:&#8220;30&#8220;,&#8220;padding-bottom&#8220;:&#8220;30&#8220;,&#8220;padding-left&#8220;:&#8220;30&#8220;,&#8220;class&#8220;:&#8220;grve-wpb-1772722610125&#8220;}}&#8221; rc_bg_color=&#8221;#E9E6DF&#8221;][vc_row_inner][vc_column_inner]<div class=\"grve-element grve-image grve-align-center grve-image-space-100 grve-image-expand-width\">\r\n\t<div class=\"grve-image-item\">\r\n\t\t\r\n\r\n<div class=\"grve-image-wrapper grve-no-effect\">\r\n\t\t<div class=\"grve-thumbnail-wrapper\"><div class=\"grve-thumbnail\"  style=\"padding-top: 75%;\"><img loading=\"lazy\" decoding=\"async\" width=\"560\" height=\"420\" src=\"https:\/\/munde-biereck.de\/wp-content\/uploads\/2026\/03\/emilia-igartua-wPA-eJKB3v0-unsplash-560x420.jpg\" class=\"attachment-impeka-grve-small-rect-horizontal size-impeka-grve-small-rect-horizontal\" alt=\"\" data-column-space=\"100\" data-lazyload=\"\" data-grve-filter=\"yes\" srcset=\"https:\/\/munde-biereck.de\/wp-content\/uploads\/2026\/03\/emilia-igartua-wPA-eJKB3v0-unsplash-560x420.jpg 560w, https:\/\/munde-biereck.de\/wp-content\/uploads\/2026\/03\/emilia-igartua-wPA-eJKB3v0-unsplash-900x675.jpg 900w\" sizes=\"auto, (max-width: 560px) 100vw, 560px\" \/><\/div><\/div>\t<\/div>\r\n\t<\/div>\r\n<\/div>\r\n[\/vc_column_inner][\/vc_row_inner][vc_row_inner padding_top_multiplier=&#8221;2x&#8221; padding_bottom_multiplier=&#8221;2x&#8221;][vc_column_inner]<div class=\"grve-element grve-title grve-align-inherit grve-h4 grve-text-primary-2\"><span>J. H\u00e4ringer,<br \/>\nWinden im Elztal<\/span><\/div><div class=\"grve-element grve-title grve-align-inherit grve-subtitle-text\"><span>Fruit &amp; vegetable wholesaler for generations<\/span><\/div><div class=\"grve-element grve-title grve-align-inherit grve-subtitle-text\"><span>Bleilestr. 2 &#8211; 79297 Winden im Elztal<\/span><\/div><div class=\"grve-empty-space grve-height-2x\"><\/div>[vc_column_text css=&#8221;&#8221;]J. H\u00e4ringer supplies us with fresh fruit, delicious vegetables and crunchy salads &#8211; directly from the Freiburg wholesale market &#8211; with a range that is based on the season and the region. Expert advice, reliable quality and short distances &#8211; a tried and tested combination for decades.[\/vc_column_text]<div class=\"grve-empty-space grve-height-1x\"><\/div><div class=\"grve-element grve-align-inherit\"><a href=\"https:\/\/www.haeringer.de\/\" target=\"_blank\" class=\"grve-btn grve-square grve-bg-primary-1 grve-border-primary-1 grve-bg-hover-white grve-border-hover-white grve-text-white grve-text-hover-dark-grey grve-btn-medium\">\r\n\t\t<span>LEARN MORE<\/span>\r\n\t\t<span class=\"screen-reader-text\">Learn more<\/span>\r\n\t\t\t\t\t\t\t<\/a><\/div>[\/vc_column_inner][\/vc_row_inner][\/vc_column][\/vc_row][vc_row section_type=&#8221;fullwidth&#8221; height_ratio=&#8221;40&#8243; padding_top_multiplier=&#8221;&#8221; columns_gap=&#8221;30&#8243; rtl_reverse=&#8221;yes&#8221; scroll_header_skin=&#8221;dark&#8221;][vc_column width=&#8221;1\/2&#8243; full_height=&#8221;yes&#8221; rc_bg_type=&#8221;color&#8221; rc_bg_color=&#8221;#E9E6DF&#8221; grve_css=&#8221;{&#8220;desktop&#8220;:{&#8220;padding-top&#8220;:&#8220;30&#8220;,&#8220;padding-right&#8220;:&#8220;30&#8220;,&#8220;padding-bottom&#8220;:&#8220;30&#8220;,&#8220;padding-left&#8220;:&#8220;30&#8220;,&#8220;class&#8220;:&#8220;grve-wpb-1772722602355&#8220;}}&#8221;][vc_row_inner][vc_column_inner]<div class=\"grve-element grve-image grve-align-center grve-image-space-100 grve-image-expand-width\">\r\n\t<div class=\"grve-image-item\">\r\n\t\t\r\n\r\n<div class=\"grve-image-wrapper grve-no-effect\">\r\n\t\t<div class=\"grve-thumbnail-wrapper\"><div class=\"grve-thumbnail\"  style=\"padding-top: 75%;\"><img loading=\"lazy\" decoding=\"async\" width=\"560\" height=\"420\" src=\"https:\/\/munde-biereck.de\/wp-content\/uploads\/2026\/03\/familienbild-2019-09_upscayl_2x_upscayl-standard-4x-560x420.jpg\" class=\"attachment-impeka-grve-small-rect-horizontal size-impeka-grve-small-rect-horizontal\" alt=\"\" data-column-space=\"100\" data-lazyload=\"\" data-grve-filter=\"yes\" srcset=\"https:\/\/munde-biereck.de\/wp-content\/uploads\/2026\/03\/familienbild-2019-09_upscayl_2x_upscayl-standard-4x-560x420.jpg 560w, https:\/\/munde-biereck.de\/wp-content\/uploads\/2026\/03\/familienbild-2019-09_upscayl_2x_upscayl-standard-4x-900x675.jpg 900w\" sizes=\"auto, (max-width: 560px) 100vw, 560px\" \/><\/div><\/div>\t<\/div>\r\n\t<\/div>\r\n<\/div>\r\n[\/vc_column_inner][\/vc_row_inner][vc_row_inner padding_top_multiplier=&#8221;2x&#8221; padding_bottom_multiplier=&#8221;2x&#8221;][vc_column_inner]<div class=\"grve-element grve-title grve-align-inherit grve-h4 grve-text-primary-2\"><span>Poultry farm Zapf,<br \/>\nGengenbach<\/span><\/div><div class=\"grve-element grve-title grve-align-inherit grve-subtitle-text\"><span>Family business &#8211; organic free-range farming<\/span><\/div><div class=\"grve-element grve-title grve-align-inherit grve-subtitle-text\"><span>Im Ro\u00dfgraben 1 &#8211; 77723 Gengenbach-Sch\u00f6nberg<\/span><\/div><div class=\"grve-empty-space grve-height-2x\"><\/div>[vc_column_text css=&#8221;&#8221;]Right here in the Kinzigtal &#8211; the Zapf poultry farm in Gengenbach-Sch\u00f6nberg supplies us with healthy agricultural products: fresh eggs from barn and free-range hens as well as handmade pasta and spaetzle made according to a traditional recipe. Species-appropriate animal husbandry and certified organic quality &#8211; this is what the family business has stood for for over 30 years.[\/vc_column_text]<div class=\"grve-empty-space grve-height-1x\"><\/div><div class=\"grve-element grve-align-inherit\"><a href=\"https:\/\/www.gefluegelhof-zapf.de\/\" target=\"_blank\" class=\"grve-btn grve-square grve-bg-primary-1 grve-border-primary-1 grve-bg-hover-white grve-border-hover-white grve-text-white grve-text-hover-dark-grey grve-btn-medium\">\r\n\t\t<span>LEARN MORE<\/span>\r\n\t\t<span class=\"screen-reader-text\">Learn more<\/span>\r\n\t\t\t\t\t\t\t<\/a><\/div>[\/vc_column_inner][\/vc_row_inner][\/vc_column][vc_column width=&#8221;1\/2&#8243; full_height=&#8221;yes&#8221; rc_bg_type=&#8221;color&#8221; grve_css=&#8221;{&#8220;desktop&#8220;:{&#8220;padding-top&#8220;:&#8220;30&#8220;,&#8220;padding-right&#8220;:&#8220;30&#8220;,&#8220;padding-bottom&#8220;:&#8220;30&#8220;,&#8220;padding-left&#8220;:&#8220;30&#8220;,&#8220;class&#8220;:&#8220;grve-wpb-1772722610125&#8220;}}&#8221; rc_bg_color=&#8221;#E9E6DF&#8221;][vc_row_inner][vc_column_inner]<div class=\"grve-element grve-image grve-align-center grve-image-space-100 grve-image-expand-width\">\r\n\t<div class=\"grve-image-item\">\r\n\t\t\r\n\r\n<div class=\"grve-image-wrapper grve-no-effect\">\r\n\t\t<div class=\"grve-thumbnail-wrapper\"><div class=\"grve-thumbnail\"  style=\"padding-top: 75%;\"><img loading=\"lazy\" decoding=\"async\" width=\"560\" height=\"420\" src=\"https:\/\/munde-biereck.de\/wp-content\/uploads\/2026\/03\/jan-ranft-cENAJwsV3is-unsplash-560x420.jpg\" class=\"attachment-impeka-grve-small-rect-horizontal size-impeka-grve-small-rect-horizontal\" alt=\"\" data-column-space=\"100\" data-lazyload=\"\" data-grve-filter=\"yes\" srcset=\"https:\/\/munde-biereck.de\/wp-content\/uploads\/2026\/03\/jan-ranft-cENAJwsV3is-unsplash-560x420.jpg 560w, https:\/\/munde-biereck.de\/wp-content\/uploads\/2026\/03\/jan-ranft-cENAJwsV3is-unsplash-900x675.jpg 900w\" sizes=\"auto, (max-width: 560px) 100vw, 560px\" \/><\/div><\/div>\t<\/div>\r\n\t<\/div>\r\n<\/div>\r\n[\/vc_column_inner][\/vc_row_inner][vc_row_inner padding_top_multiplier=&#8221;2x&#8221; padding_bottom_multiplier=&#8221;2x&#8221;][vc_column_inner]<div class=\"grve-element grve-title grve-align-inherit grve-h4 grve-text-primary-2\"><span>Str\u00fcbing<br \/>\nTrout farming<\/span><\/div><div class=\"grve-element grve-title grve-align-inherit grve-subtitle-text\"><span>Oberharmersbach &#8211; Black Forest trout<\/span><\/div><div class=\"grve-element grve-title grve-align-inherit grve-subtitle-text\"><span>Obertal 52 &#8211; 77784 Oberharmersbach<\/span><\/div><div class=\"grve-empty-space grve-height-2x\"><\/div>[vc_column_text css=&#8221;&#8221;]Lasse Str\u00fcbing breeds his trout and salmon trout in crystal-clear spring water in the Black Forest village of Oberharmersbach &#8211; less than eight kilometers away from us &#8211; thus fulfilling one of the main requirements for first-class quality and guaranteed freshness. What comes out of the water here ends up on your plate within a few hours. <\/p>\n<p>Our trout and salmon trout grow in clean, clear spring water in our farm in the idyllic Black Forest village of Oberharmersbach<\/p>\n<p>For us, fish is more than just a product. With great respect for nature and a commitment to outstanding product quality, we accompany the growth process of our &#8220;Black Forest Trout\u00ae&#8221; from the fertilized egg to the slaughter-ready animal and gently refine them in our own smokehouse.[\/vc_column_text]<div class=\"grve-empty-space grve-height-1x\"><\/div><div class=\"grve-element grve-align-inherit\"><a href=\"https:\/\/struebing-forellen.de\/\" target=\"_blank\" class=\"grve-btn grve-square grve-bg-primary-1 grve-border-primary-1 grve-bg-hover-white grve-border-hover-white grve-text-white grve-text-hover-dark-grey grve-btn-medium\">\r\n\t\t<span>LEARN MORE<\/span>\r\n\t\t<span class=\"screen-reader-text\">Learn more<\/span>\r\n\t\t\t\t\t\t\t<\/a><\/div>[\/vc_column_inner][\/vc_row_inner][\/vc_column][\/vc_row][vc_row section_type=&#8221;fullwidth&#8221; height_ratio=&#8221;40&#8243; padding_top_multiplier=&#8221;&#8221; columns_gap=&#8221;30&#8243; rtl_reverse=&#8221;yes&#8221; scroll_header_skin=&#8221;dark&#8221;][vc_column width=&#8221;1\/2&#8243; full_height=&#8221;yes&#8221; rc_bg_type=&#8221;color&#8221; rc_bg_color=&#8221;#E9E6DF&#8221; grve_css=&#8221;{&#8220;desktop&#8220;:{&#8220;padding-top&#8220;:&#8220;30&#8220;,&#8220;padding-right&#8220;:&#8220;30&#8220;,&#8220;padding-bottom&#8220;:&#8220;30&#8220;,&#8220;padding-left&#8220;:&#8220;30&#8220;,&#8220;class&#8220;:&#8220;grve-wpb-1772722602355&#8220;}}&#8221;][vc_row_inner][vc_column_inner]<div class=\"grve-element grve-image grve-align-center grve-image-space-100 grve-image-expand-width\">\r\n\t<div class=\"grve-image-item\">\r\n\t\t\r\n\r\n<div class=\"grve-image-wrapper grve-no-effect\">\r\n\t\t<div class=\"grve-thumbnail-wrapper\"><div class=\"grve-thumbnail\"  style=\"padding-top: 75%;\"><img loading=\"lazy\" decoding=\"async\" width=\"560\" height=\"420\" src=\"https:\/\/munde-biereck.de\/wp-content\/uploads\/2026\/04\/Buchholzenhof-3-2-560x420.jpg\" class=\"attachment-impeka-grve-small-rect-horizontal size-impeka-grve-small-rect-horizontal\" alt=\"\" data-column-space=\"100\" data-lazyload=\"\" data-grve-filter=\"yes\" srcset=\"https:\/\/munde-biereck.de\/wp-content\/uploads\/2026\/04\/Buchholzenhof-3-2-560x420.jpg 560w, https:\/\/munde-biereck.de\/wp-content\/uploads\/2026\/04\/Buchholzenhof-3-2-900x675.jpg 900w\" sizes=\"auto, (max-width: 560px) 100vw, 560px\" \/><\/div><\/div>\t<\/div>\r\n\t<\/div>\r\n<\/div>\r\n[\/vc_column_inner][\/vc_row_inner][vc_row_inner padding_top_multiplier=&#8221;2x&#8221; padding_bottom_multiplier=&#8221;2x&#8221;][vc_column_inner]<div class=\"grve-element grve-title grve-align-inherit grve-h4 grve-text-primary-2\"><span>Buchholzenhof,<br \/>\nM\u00fchlenbach<\/span><\/div><div class=\"grve-element grve-title grve-align-inherit grve-subtitle-text\"><span>Family business &#8211; forestry &#8211; farm distillery<\/span><\/div><div class=\"grve-element grve-title grve-align-inherit grve-subtitle-text\"><span>B\u00e4renbach 20 &#8211; 77796 M\u00fchlenbach<\/span><\/div><div class=\"grve-empty-space grve-height-2x\"><\/div>[vc_column_text css=&#8221;&#8221;]As a family business with over 40 years of history, the Buchholzenhof is now run by Claudia and Oliver Hansmann and their children in the thirteenth generation. In the middle of the Black Forest landscape, they combine tradition and the future: hand-picked spruce shoots from their own forest, organic farming and a clear commitment to harmonizing people, animals and nature. The farm is based on three pillars &#8211; forestry, game farming and its own distillery &#8211; and pursues one goal: to create values that will last for generations.[\/vc_column_text]<div class=\"grve-empty-space grve-height-1x\"><\/div><div class=\"grve-element grve-align-inherit\"><a href=\"https:\/\/www.buchholzenhof.de\/\" target=\"_blank\" class=\"grve-btn grve-square grve-bg-primary-1 grve-border-primary-1 grve-bg-hover-white grve-border-hover-white grve-text-white grve-text-hover-dark-grey grve-btn-medium\">\r\n\t\t<span>LEARN MORE<\/span>\r\n\t\t<span class=\"screen-reader-text\">Learn more<\/span>\r\n\t\t\t\t\t\t\t<\/a><\/div>[\/vc_column_inner][\/vc_row_inner][\/vc_column][vc_column width=&#8221;1\/2&#8243; full_height=&#8221;yes&#8221; rc_bg_type=&#8221;color&#8221; grve_css=&#8221;{&#8220;desktop&#8220;:{&#8220;padding-top&#8220;:&#8220;30&#8220;,&#8220;padding-right&#8220;:&#8220;30&#8220;,&#8220;padding-bottom&#8220;:&#8220;30&#8220;,&#8220;padding-left&#8220;:&#8220;30&#8220;,&#8220;class&#8220;:&#8220;grve-wpb-1772722610125&#8220;}}&#8221; rc_bg_color=&#8221;#E9E6DF&#8221;][vc_row_inner][vc_column_inner]<div class=\"grve-element grve-image grve-align-center grve-image-space-100 grve-image-expand-width\">\r\n\t<div class=\"grve-image-item\">\r\n\t\t\r\n\r\n<div class=\"grve-image-wrapper grve-no-effect\">\r\n\t\t<div class=\"grve-thumbnail-wrapper\"><div class=\"grve-thumbnail\"  style=\"padding-top: 75%;\"><img loading=\"lazy\" decoding=\"async\" width=\"560\" height=\"420\" src=\"https:\/\/munde-biereck.de\/wp-content\/uploads\/2026\/04\/KellerBild_044_1920x1920-560x420.jpg\" class=\"attachment-impeka-grve-small-rect-horizontal size-impeka-grve-small-rect-horizontal\" alt=\"\" data-column-space=\"100\" data-lazyload=\"\" data-grve-filter=\"yes\" srcset=\"https:\/\/munde-biereck.de\/wp-content\/uploads\/2026\/04\/KellerBild_044_1920x1920-560x420.jpg 560w, https:\/\/munde-biereck.de\/wp-content\/uploads\/2026\/04\/KellerBild_044_1920x1920-900x675.jpg 900w\" sizes=\"auto, (max-width: 560px) 100vw, 560px\" \/><\/div><\/div>\t<\/div>\r\n\t<\/div>\r\n<\/div>\r\n[\/vc_column_inner][\/vc_row_inner][vc_row_inner padding_top_multiplier=&#8221;2x&#8221; padding_bottom_multiplier=&#8221;2x&#8221;][vc_column_inner]<div class=\"grve-element grve-title grve-align-inherit grve-h4 grve-text-primary-2\"><span>Abril Winery,<br \/>\nKaiserstuhl<\/span><\/div><div class=\"grve-element grve-title grve-align-inherit grve-subtitle-text\"><span>Organic winery<\/span><\/div><div class=\"grve-element grve-title grve-align-inherit grve-subtitle-text\"><span>Am Enselberg 1 &#8211; 79235 Vogtsburg-Bischoffingen<\/span><\/div><div class=\"grve-empty-space grve-height-2x\"><\/div>[vc_column_text css=&#8221;&#8221;]A family winery with over 270 years of history: the Abril winery stands for organic viticulture, clear origins and precise, terroir-driven wines. The signature style ranges from fresh lightness to mineral depth and mature complexity. At Enselberg, sustainable architecture is combined with modern oenology and a clear conviction &#8211; great wines are created through patience, respect for nature and uncompromising quality.[\/vc_column_text]<div class=\"grve-empty-space grve-height-1x\"><\/div><div class=\"grve-element grve-align-inherit\"><a href=\"https:\/\/weingut-abril.de\/\" target=\"_blank\" class=\"grve-btn grve-square grve-bg-primary-1 grve-border-primary-1 grve-bg-hover-white grve-border-hover-white grve-text-white grve-text-hover-dark-grey grve-btn-medium\">\r\n\t\t<span>LEARN MORE<\/span>\r\n\t\t<span class=\"screen-reader-text\">Learn more<\/span>\r\n\t\t\t\t\t\t\t<\/a><\/div>[\/vc_column_inner][\/vc_row_inner][\/vc_column][\/vc_row][\/vc_section]<\/p>\n<\/div>","protected":false},"excerpt":{"rendered":"<p>[vc_row section_type=&#8221;fullwidth&#8221; height_ratio=&#8221;60&#8243; padding_top_multiplier=&#8221;&#8221; padding_bottom_multiplier=&#8221;&#8221; rc_heading_color=&#8221;white&#8221; rc_bg_type=&#8221;color&#8221; mobile_height_ratio=&#8221;90&#8243; rc_bg_color=&#8221;#86715A&#8221;][vc_column content_width=&#8221;70&#8243; horizontal_content_position=&#8221;center&#8221; vertical_content_position=&#8221;middle&#8221; text_align=&#8221;center&#8221; mobile_content_width=&#8221;100&#8243;][\/vc_column][\/vc_row][vc_row height_ratio=&#8221;80&#8243; padding_top_multiplier=&#8221;&#8221; padding_bottom_multiplier=&#8221;&#8221; rc_heading_color=&#8221;white&#8221; rc_bg_type=&#8221;image&#8221; rc_bg_image=&#8221;3207&#8243; rc_bg_position=&#8221;center-bottom&#8221; mobile_height_ratio=&#8221;50&#8243;][vc_column width=&#8221;1\/2&#8243; content_width=&#8221;90&#8243; horizontal_content_position=&#8221;center&#8221; vertical_content_position=&#8221;middle&#8221;][\/vc_column][vc_column width=&#8221;1\/2&#8243; content_width=&#8221;90&#8243; horizontal_content_position=&#8221;center&#8221; vertical_content_position=&#8221;middle&#8221; column_effect=&#8221;vertical-parallax&#8221;][\/vc_column][\/vc_row][vc_row section_type=&#8221;fullwidth&#8221; height_ratio=&#8221;10&#8243; scroll_header_skin=&#8221;dark&#8221;][vc_column width=&#8221;1\/4&#8243; content_width=&#8221;80&#8243; horizontal_content_position=&#8221;center&#8221; vertical_content_position=&#8221;middle&#8221; full_height=&#8221;yes&#8221; text_align=&#8221;center&#8221; mobile_width=&#8221;1-2&#8243; mobile_content_width=&#8221;100&#8243;][\/vc_column][vc_column width=&#8221;1\/4&#8243; content_width=&#8221;80&#8243; horizontal_content_position=&#8221;center&#8221; vertical_content_position=&#8221;middle&#8221; full_height=&#8221;yes&#8221; text_align=&#8221;center&#8221; mobile_width=&#8221;1-2&#8243; mobile_content_width=&#8221;100&#8243;][\/vc_column][vc_column width=&#8221;1\/4&#8243; content_width=&#8221;80&#8243; horizontal_content_position=&#8221;center&#8221; vertical_content_position=&#8221;middle&#8221; full_height=&#8221;yes&#8221; [&hellip;]<\/p>\n","protected":false},"author":1,"featured_media":1265,"parent":1506,"menu_order":0,"comment_status":"closed","ping_status":"closed","template":"","meta":{"footnotes":""},"class_list":["post-2952","page","type-page","status-publish","has-post-thumbnail","hentry","grve-entry-item"],"yoast_head":"<!-- This site is optimized with the Yoast SEO plugin v27.4 - https:\/\/yoast.com\/product\/yoast-seo-wordpress\/ -->\n<title>Suppliers &amp; Partners - Hotel Munde Restaurant Biereck<\/title>\n<meta name=\"robots\" content=\"index, follow, max-snippet:-1, max-image-preview:large, max-video-preview:-1\" \/>\n<link rel=\"canonical\" href=\"https:\/\/munde-biereck.de\/en\/restaurant\/suppliers-partners\/\" \/>\n<meta property=\"og:locale\" content=\"en_US\" \/>\n<meta property=\"og:type\" content=\"article\" \/>\n<meta property=\"og:title\" content=\"Suppliers &amp; Partners - Hotel Munde Restaurant Biereck\" \/>\n<meta property=\"og:description\" content=\"[vc_row section_type=&#8221;fullwidth&#8221; height_ratio=&#8221;60&#8243; padding_top_multiplier=&#8221;&#8221; padding_bottom_multiplier=&#8221;&#8221; rc_heading_color=&#8221;white&#8221; rc_bg_type=&#8221;color&#8221; mobile_height_ratio=&#8221;90&#8243; rc_bg_color=&#8221;#86715A&#8221;][vc_column content_width=&#8221;70&#8243; horizontal_content_position=&#8221;center&#8221; vertical_content_position=&#8221;middle&#8221; text_align=&#8221;center&#8221; mobile_content_width=&#8221;100&#8243;][\/vc_column][\/vc_row][vc_row height_ratio=&#8221;80&#8243; padding_top_multiplier=&#8221;&#8221; padding_bottom_multiplier=&#8221;&#8221; rc_heading_color=&#8221;white&#8221; rc_bg_type=&#8221;image&#8221; rc_bg_image=&#8221;3207&#8243; rc_bg_position=&#8221;center-bottom&#8221; mobile_height_ratio=&#8221;50&#8243;][vc_column width=&#8221;1\/2&#8243; content_width=&#8221;90&#8243; horizontal_content_position=&#8221;center&#8221; vertical_content_position=&#8221;middle&#8221;][\/vc_column][vc_column width=&#8221;1\/2&#8243; content_width=&#8221;90&#8243; horizontal_content_position=&#8221;center&#8221; vertical_content_position=&#8221;middle&#8221; column_effect=&#8221;vertical-parallax&#8221;][\/vc_column][\/vc_row][vc_row section_type=&#8221;fullwidth&#8221; height_ratio=&#8221;10&#8243; scroll_header_skin=&#8221;dark&#8221;][vc_column width=&#8221;1\/4&#8243; content_width=&#8221;80&#8243; horizontal_content_position=&#8221;center&#8221; vertical_content_position=&#8221;middle&#8221; full_height=&#8221;yes&#8221; text_align=&#8221;center&#8221; mobile_width=&#8221;1-2&#8243; mobile_content_width=&#8221;100&#8243;][\/vc_column][vc_column width=&#8221;1\/4&#8243; content_width=&#8221;80&#8243; horizontal_content_position=&#8221;center&#8221; vertical_content_position=&#8221;middle&#8221; full_height=&#8221;yes&#8221; text_align=&#8221;center&#8221; mobile_width=&#8221;1-2&#8243; mobile_content_width=&#8221;100&#8243;][\/vc_column][vc_column width=&#8221;1\/4&#8243; content_width=&#8221;80&#8243; horizontal_content_position=&#8221;center&#8221; vertical_content_position=&#8221;middle&#8221; full_height=&#8221;yes&#8221; [&hellip;]\" \/>\n<meta property=\"og:url\" content=\"https:\/\/munde-biereck.de\/en\/restaurant\/suppliers-partners\/\" \/>\n<meta property=\"og:site_name\" content=\"Hotel Munde Restaurant Biereck\" \/>\n<meta property=\"article:publisher\" content=\"https:\/\/www.facebook.com\/p\/Hotel-Munde-Biereck-100093245550304\" \/>\n<meta property=\"article:modified_time\" content=\"2026-04-17T10:16:27+00:00\" \/>\n<meta property=\"og:image\" content=\"https:\/\/munde-biereck.de\/wp-content\/uploads\/2025\/05\/MG_5362enf.jpg\" \/>\n\t<meta property=\"og:image:width\" content=\"2000\" \/>\n\t<meta property=\"og:image:height\" content=\"1333\" \/>\n\t<meta property=\"og:image:type\" content=\"image\/jpeg\" \/>\n<meta name=\"twitter:card\" content=\"summary_large_image\" \/>\n<meta name=\"twitter:label1\" content=\"Est. reading time\" \/>\n\t<meta name=\"twitter:data1\" content=\"5 minutes\" \/>\n<script type=\"application\/ld+json\" class=\"yoast-schema-graph\">{\"@context\":\"https:\\\/\\\/schema.org\",\"@graph\":[{\"@type\":\"WebPage\",\"@id\":\"https:\\\/\\\/munde-biereck.de\\\/en\\\/restaurant\\\/suppliers-partners\\\/\",\"url\":\"https:\\\/\\\/munde-biereck.de\\\/en\\\/restaurant\\\/suppliers-partners\\\/\",\"name\":\"Suppliers &amp; Partners - Hotel Munde Restaurant Biereck\",\"isPartOf\":{\"@id\":\"https:\\\/\\\/munde-biereck.de\\\/#website\"},\"primaryImageOfPage\":{\"@id\":\"https:\\\/\\\/munde-biereck.de\\\/en\\\/restaurant\\\/suppliers-partners\\\/#primaryimage\"},\"image\":{\"@id\":\"https:\\\/\\\/munde-biereck.de\\\/en\\\/restaurant\\\/suppliers-partners\\\/#primaryimage\"},\"thumbnailUrl\":\"https:\\\/\\\/munde-biereck.de\\\/wp-content\\\/uploads\\\/2025\\\/05\\\/MG_5362enf.jpg\",\"datePublished\":\"2026-03-04T16:10:40+00:00\",\"dateModified\":\"2026-04-17T10:16:27+00:00\",\"breadcrumb\":{\"@id\":\"https:\\\/\\\/munde-biereck.de\\\/en\\\/restaurant\\\/suppliers-partners\\\/#breadcrumb\"},\"inLanguage\":\"en-US\",\"potentialAction\":[{\"@type\":\"ReadAction\",\"target\":[\"https:\\\/\\\/munde-biereck.de\\\/en\\\/restaurant\\\/suppliers-partners\\\/\"]}]},{\"@type\":\"ImageObject\",\"inLanguage\":\"en-US\",\"@id\":\"https:\\\/\\\/munde-biereck.de\\\/en\\\/restaurant\\\/suppliers-partners\\\/#primaryimage\",\"url\":\"https:\\\/\\\/munde-biereck.de\\\/wp-content\\\/uploads\\\/2025\\\/05\\\/MG_5362enf.jpg\",\"contentUrl\":\"https:\\\/\\\/munde-biereck.de\\\/wp-content\\\/uploads\\\/2025\\\/05\\\/MG_5362enf.jpg\",\"width\":2000,\"height\":1333,\"caption\":\"Gem\u00fctliches, modernes Restaurant mit Holzdekoration und gro\u00dfen Fenstern, Blick ins Gr\u00fcne.\"},{\"@type\":\"BreadcrumbList\",\"@id\":\"https:\\\/\\\/munde-biereck.de\\\/en\\\/restaurant\\\/suppliers-partners\\\/#breadcrumb\",\"itemListElement\":[{\"@type\":\"ListItem\",\"position\":1,\"name\":\"Startseite\",\"item\":\"https:\\\/\\\/munde-biereck.de\\\/en\\\/home\\\/\"},{\"@type\":\"ListItem\",\"position\":2,\"name\":\"Restaurant\",\"item\":\"https:\\\/\\\/munde-biereck.de\\\/en\\\/restaurant\\\/\"},{\"@type\":\"ListItem\",\"position\":3,\"name\":\"Suppliers &amp; Partners\"}]},{\"@type\":\"WebSite\",\"@id\":\"https:\\\/\\\/munde-biereck.de\\\/#website\",\"url\":\"https:\\\/\\\/munde-biereck.de\\\/\",\"name\":\"Hotel Munde Restaurant Biereck\",\"description\":\"\",\"publisher\":{\"@id\":\"https:\\\/\\\/munde-biereck.de\\\/#organization\"},\"potentialAction\":[{\"@type\":\"SearchAction\",\"target\":{\"@type\":\"EntryPoint\",\"urlTemplate\":\"https:\\\/\\\/munde-biereck.de\\\/?s={search_term_string}\"},\"query-input\":{\"@type\":\"PropertyValueSpecification\",\"valueRequired\":true,\"valueName\":\"search_term_string\"}}],\"inLanguage\":\"en-US\"},{\"@type\":\"Organization\",\"@id\":\"https:\\\/\\\/munde-biereck.de\\\/#organization\",\"name\":\"Hotel Munde Restaurant Biereck\",\"url\":\"https:\\\/\\\/munde-biereck.de\\\/\",\"logo\":{\"@type\":\"ImageObject\",\"inLanguage\":\"en-US\",\"@id\":\"https:\\\/\\\/munde-biereck.de\\\/#\\\/schema\\\/logo\\\/image\\\/\",\"url\":\"https:\\\/\\\/munde-biereck.de\\\/wp-content\\\/uploads\\\/2025\\\/07\\\/Logo_Munde-Biereck_Kreis_RGB_Schwarz-scaled.png\",\"contentUrl\":\"https:\\\/\\\/munde-biereck.de\\\/wp-content\\\/uploads\\\/2025\\\/07\\\/Logo_Munde-Biereck_Kreis_RGB_Schwarz-scaled.png\",\"width\":2560,\"height\":2209,\"caption\":\"Hotel Munde Restaurant Biereck\"},\"image\":{\"@id\":\"https:\\\/\\\/munde-biereck.de\\\/#\\\/schema\\\/logo\\\/image\\\/\"},\"sameAs\":[\"https:\\\/\\\/www.facebook.com\\\/p\\\/Hotel-Munde-Biereck-100093245550304\",\"https:\\\/\\\/www.instagram.com\\\/hotel_munde_biereck\\\/\",\"https:\\\/\\\/www.linkedin.com\\\/company\\\/hotel-munde-biereck\\\/?originalSubdomain=de\"]}]}<\/script>\n<!-- \/ Yoast SEO plugin. -->","yoast_head_json":{"title":"Suppliers &amp; Partners - Hotel Munde Restaurant Biereck","robots":{"index":"index","follow":"follow","max-snippet":"max-snippet:-1","max-image-preview":"max-image-preview:large","max-video-preview":"max-video-preview:-1"},"canonical":"https:\/\/munde-biereck.de\/en\/restaurant\/suppliers-partners\/","og_locale":"en_US","og_type":"article","og_title":"Suppliers &amp; Partners - Hotel Munde Restaurant Biereck","og_description":"[vc_row section_type=&#8221;fullwidth&#8221; height_ratio=&#8221;60&#8243; padding_top_multiplier=&#8221;&#8221; padding_bottom_multiplier=&#8221;&#8221; rc_heading_color=&#8221;white&#8221; rc_bg_type=&#8221;color&#8221; mobile_height_ratio=&#8221;90&#8243; rc_bg_color=&#8221;#86715A&#8221;][vc_column content_width=&#8221;70&#8243; horizontal_content_position=&#8221;center&#8221; vertical_content_position=&#8221;middle&#8221; text_align=&#8221;center&#8221; mobile_content_width=&#8221;100&#8243;][\/vc_column][\/vc_row][vc_row height_ratio=&#8221;80&#8243; padding_top_multiplier=&#8221;&#8221; padding_bottom_multiplier=&#8221;&#8221; rc_heading_color=&#8221;white&#8221; rc_bg_type=&#8221;image&#8221; rc_bg_image=&#8221;3207&#8243; rc_bg_position=&#8221;center-bottom&#8221; mobile_height_ratio=&#8221;50&#8243;][vc_column width=&#8221;1\/2&#8243; content_width=&#8221;90&#8243; horizontal_content_position=&#8221;center&#8221; vertical_content_position=&#8221;middle&#8221;][\/vc_column][vc_column width=&#8221;1\/2&#8243; content_width=&#8221;90&#8243; horizontal_content_position=&#8221;center&#8221; vertical_content_position=&#8221;middle&#8221; column_effect=&#8221;vertical-parallax&#8221;][\/vc_column][\/vc_row][vc_row section_type=&#8221;fullwidth&#8221; height_ratio=&#8221;10&#8243; scroll_header_skin=&#8221;dark&#8221;][vc_column width=&#8221;1\/4&#8243; content_width=&#8221;80&#8243; horizontal_content_position=&#8221;center&#8221; vertical_content_position=&#8221;middle&#8221; full_height=&#8221;yes&#8221; text_align=&#8221;center&#8221; mobile_width=&#8221;1-2&#8243; mobile_content_width=&#8221;100&#8243;][\/vc_column][vc_column width=&#8221;1\/4&#8243; content_width=&#8221;80&#8243; horizontal_content_position=&#8221;center&#8221; vertical_content_position=&#8221;middle&#8221; full_height=&#8221;yes&#8221; text_align=&#8221;center&#8221; mobile_width=&#8221;1-2&#8243; mobile_content_width=&#8221;100&#8243;][\/vc_column][vc_column width=&#8221;1\/4&#8243; content_width=&#8221;80&#8243; horizontal_content_position=&#8221;center&#8221; vertical_content_position=&#8221;middle&#8221; full_height=&#8221;yes&#8221; [&hellip;]","og_url":"https:\/\/munde-biereck.de\/en\/restaurant\/suppliers-partners\/","og_site_name":"Hotel Munde Restaurant Biereck","article_publisher":"https:\/\/www.facebook.com\/p\/Hotel-Munde-Biereck-100093245550304","article_modified_time":"2026-04-17T10:16:27+00:00","og_image":[{"width":2000,"height":1333,"url":"https:\/\/munde-biereck.de\/wp-content\/uploads\/2025\/05\/MG_5362enf.jpg","type":"image\/jpeg"}],"twitter_card":"summary_large_image","twitter_misc":{"Est. reading time":"5 minutes"},"schema":{"@context":"https:\/\/schema.org","@graph":[{"@type":"WebPage","@id":"https:\/\/munde-biereck.de\/en\/restaurant\/suppliers-partners\/","url":"https:\/\/munde-biereck.de\/en\/restaurant\/suppliers-partners\/","name":"Suppliers &amp; Partners - Hotel Munde Restaurant Biereck","isPartOf":{"@id":"https:\/\/munde-biereck.de\/#website"},"primaryImageOfPage":{"@id":"https:\/\/munde-biereck.de\/en\/restaurant\/suppliers-partners\/#primaryimage"},"image":{"@id":"https:\/\/munde-biereck.de\/en\/restaurant\/suppliers-partners\/#primaryimage"},"thumbnailUrl":"https:\/\/munde-biereck.de\/wp-content\/uploads\/2025\/05\/MG_5362enf.jpg","datePublished":"2026-03-04T16:10:40+00:00","dateModified":"2026-04-17T10:16:27+00:00","breadcrumb":{"@id":"https:\/\/munde-biereck.de\/en\/restaurant\/suppliers-partners\/#breadcrumb"},"inLanguage":"en-US","potentialAction":[{"@type":"ReadAction","target":["https:\/\/munde-biereck.de\/en\/restaurant\/suppliers-partners\/"]}]},{"@type":"ImageObject","inLanguage":"en-US","@id":"https:\/\/munde-biereck.de\/en\/restaurant\/suppliers-partners\/#primaryimage","url":"https:\/\/munde-biereck.de\/wp-content\/uploads\/2025\/05\/MG_5362enf.jpg","contentUrl":"https:\/\/munde-biereck.de\/wp-content\/uploads\/2025\/05\/MG_5362enf.jpg","width":2000,"height":1333,"caption":"Gem\u00fctliches, modernes Restaurant mit Holzdekoration und gro\u00dfen Fenstern, Blick ins Gr\u00fcne."},{"@type":"BreadcrumbList","@id":"https:\/\/munde-biereck.de\/en\/restaurant\/suppliers-partners\/#breadcrumb","itemListElement":[{"@type":"ListItem","position":1,"name":"Startseite","item":"https:\/\/munde-biereck.de\/en\/home\/"},{"@type":"ListItem","position":2,"name":"Restaurant","item":"https:\/\/munde-biereck.de\/en\/restaurant\/"},{"@type":"ListItem","position":3,"name":"Suppliers &amp; Partners"}]},{"@type":"WebSite","@id":"https:\/\/munde-biereck.de\/#website","url":"https:\/\/munde-biereck.de\/","name":"Hotel Munde Restaurant Biereck","description":"","publisher":{"@id":"https:\/\/munde-biereck.de\/#organization"},"potentialAction":[{"@type":"SearchAction","target":{"@type":"EntryPoint","urlTemplate":"https:\/\/munde-biereck.de\/?s={search_term_string}"},"query-input":{"@type":"PropertyValueSpecification","valueRequired":true,"valueName":"search_term_string"}}],"inLanguage":"en-US"},{"@type":"Organization","@id":"https:\/\/munde-biereck.de\/#organization","name":"Hotel Munde Restaurant Biereck","url":"https:\/\/munde-biereck.de\/","logo":{"@type":"ImageObject","inLanguage":"en-US","@id":"https:\/\/munde-biereck.de\/#\/schema\/logo\/image\/","url":"https:\/\/munde-biereck.de\/wp-content\/uploads\/2025\/07\/Logo_Munde-Biereck_Kreis_RGB_Schwarz-scaled.png","contentUrl":"https:\/\/munde-biereck.de\/wp-content\/uploads\/2025\/07\/Logo_Munde-Biereck_Kreis_RGB_Schwarz-scaled.png","width":2560,"height":2209,"caption":"Hotel Munde Restaurant Biereck"},"image":{"@id":"https:\/\/munde-biereck.de\/#\/schema\/logo\/image\/"},"sameAs":["https:\/\/www.facebook.com\/p\/Hotel-Munde-Biereck-100093245550304","https:\/\/www.instagram.com\/hotel_munde_biereck\/","https:\/\/www.linkedin.com\/company\/hotel-munde-biereck\/?originalSubdomain=de"]}]}},"_links":{"self":[{"href":"https:\/\/munde-biereck.de\/en\/wp-json\/wp\/v2\/pages\/2952","targetHints":{"allow":["GET"]}}],"collection":[{"href":"https:\/\/munde-biereck.de\/en\/wp-json\/wp\/v2\/pages"}],"about":[{"href":"https:\/\/munde-biereck.de\/en\/wp-json\/wp\/v2\/types\/page"}],"author":[{"embeddable":true,"href":"https:\/\/munde-biereck.de\/en\/wp-json\/wp\/v2\/users\/1"}],"replies":[{"embeddable":true,"href":"https:\/\/munde-biereck.de\/en\/wp-json\/wp\/v2\/comments?post=2952"}],"version-history":[{"count":187,"href":"https:\/\/munde-biereck.de\/en\/wp-json\/wp\/v2\/pages\/2952\/revisions"}],"predecessor-version":[{"id":3938,"href":"https:\/\/munde-biereck.de\/en\/wp-json\/wp\/v2\/pages\/2952\/revisions\/3938"}],"up":[{"embeddable":true,"href":"https:\/\/munde-biereck.de\/en\/wp-json\/wp\/v2\/pages\/1506"}],"wp:featuredmedia":[{"embeddable":true,"href":"https:\/\/munde-biereck.de\/en\/wp-json\/wp\/v2\/media\/1265"}],"wp:attachment":[{"href":"https:\/\/munde-biereck.de\/en\/wp-json\/wp\/v2\/media?parent=2952"}],"curies":[{"name":"wp","href":"https:\/\/api.w.org\/{rel}","templated":true}]}}